{"id":2351,"date":"2019-09-18T14:11:46","date_gmt":"2019-09-18T17:11:46","guid":{"rendered":"https:\/\/ibp.crp.ufv.br\/?page_id=2351"},"modified":"2025-09-03T15:25:58","modified_gmt":"2025-09-03T18:25:58","slug":"editais-abertos","status":"publish","type":"page","link":"https:\/\/ibp.crp.ufv.br\/?page_id=2351","title":{"rendered":"Editais"},"content":{"rendered":"\r\n<h4>\u00a0<\/h4>\r\n<h4><\/h4>\r\n<h4 style=\"padding-left: 40px;\"><span style=\"color: #ff0000;\"><strong><a style=\"color: #ff0000;\" href=\"https:\/\/ibp.crp.ufv.br\/wp-content\/uploads\/Edital-1_25-Selecao-Monitor-1.pdf\">Edital 01\/2025<\/a> <\/strong><\/span><\/h4>\r\n<h4 style=\"padding-left: 40px;\"><a href=\"https:\/\/ibp.crp.ufv.br\/wp-content\/uploads\/Edital-1_25-Selecao-Monitor-anexoI-1.pdf\">Anexo I &#8211; Quadro de Vagas\u00a0<\/a><\/h4>\r\n<h4 style=\"padding-left: 40px;\"><a href=\"https:\/\/ibp.crp.ufv.br\/wp-content\/uploads\/Edital-1_25-Selecao-Monitor-anexoII.docx\">Anexo II &#8211; Requerimento de inscri\u00e7\u00e3o<\/a><\/h4>\r\n<h2><span style=\"color: #ffffff;\">.<\/span><\/h2>\r\n<p style=\"text-align: left; padding-left: 40px;\"><strong>Inscri\u00e7\u00f5es: <span style=\"color: #0000ff;\">14\/03\/2025 at\u00e9 as 23h:59min do dia 20\/03\/2025 <span style=\"color: #ff0000;\">(inscri\u00e7\u00f5es encerradas)<\/span><\/span><\/strong><\/p>\r\n<p style=\"padding-left: 40px; text-align: left;\"><strong>Data prov\u00e1vel de realiza\u00e7\u00e3<\/strong><strong>o dos exames: a partir de 21\/03\/2025.<\/strong><\/p>\r\n<hr \/>\r\n<h4 style=\"padding-left: 40px;\"><strong><span style=\"color: #ff0000;\"><a style=\"color: #ff0000;\" href=\"https:\/\/ibp.crp.ufv.br\/wp-content\/uploads\/Edital-2_25-Selecao-Monitor-2.pdf\">Edital 02\/2025<\/a><\/span><\/strong><\/h4>\r\n<h4 style=\"padding-left: 40px;\"><a href=\"https:\/\/ibp.crp.ufv.br\/wp-content\/uploads\/Edital-2_25-Selecao-Monitor-anexoI-2.pdf\">Anexo I &#8211; Quadro de Vagas<\/a><\/h4>\r\n<h4 style=\"padding-left: 40px;\"><a href=\"https:\/\/ibp.crp.ufv.br\/wp-content\/uploads\/Edital-2_25-Selecao-Monitor-anexoII.docx\">Anexo II &#8211; Requerimento de inscri\u00e7\u00e3o<\/a><\/h4>\r\n<h2><span style=\"color: #ffffff;\">.<\/span><\/h2>\r\n<p style=\"text-align: left; padding-left: 40px;\"><strong>Inscri\u00e7\u00f5es: <span style=\"color: #0000ff;\">24\/03\/2025 at\u00e9 as 23h:59min do dia 30\/03\/2025\u00a0<\/span><\/strong><\/p>\r\n<p style=\"padding-left: 40px; text-align: left;\"><strong>Data prov\u00e1vel de realiza\u00e7\u00e3<\/strong><strong>o dos exames: a partir de 31\/03\/2025.<\/strong><\/p>\r\n<p>&nbsp;<\/p>\r\n<hr \/>\r\n<h4><span style=\"color: #ff0000;\"><b>\u00a0 \u00a0 \u00a0 \u00a0<strong><a style=\"color: #ff0000;\" href=\"https:\/\/ibp.crp.ufv.br\/?attachment_id=3485\" rel=\"attachment wp-att-3485\">Edital 03\/2025<\/a><\/strong><\/b><\/span><\/h4>\r\n<h4><strong>\u00a0 \u00a0 \u00a0 \u00a0<a href=\"https:\/\/ibp.crp.ufv.br\/?attachment_id=3486\" rel=\"attachment wp-att-3486\">Anexo I &#8211; Quadro de Vagas<\/a><\/strong><\/h4>\r\n<h4><strong>\u00a0 \u00a0 \u00a0 \u00a0<a href=\"https:\/\/ibp.crp.ufv.br\/?attachment_id=3492\" rel=\"attachment wp-att-3492\">Anexo II &#8211; Requerimento de Inscri\u00e7\u00e3o<\/a><\/strong><\/h4>\r\n<h4><strong>\u00a0 \u00a0 \u00a0 \u00a0<\/strong><\/h4>\r\n<h4><strong>\u00a0 \u00a0 \u00a0 \u00a0Inscri\u00e7\u00f5es: <span style=\"color: #0000ff;\">26\/08\/2025 at\u00e9 as 23h:59min do dia 29\/08\/2025\u00a0<\/span><\/strong><\/h4>\r\n<h4><strong>\u00a0 \u00a0 \u00a0 \u00a0Data prov\u00e1vel de realiza\u00e7\u00e3<\/strong><strong>o dos exames: a partir de 01\/10\/2025.<\/strong><\/h4>\r\n<hr \/>\r\n<h4><span style=\"color: #ff0000;\"><b><strong><a style=\"color: #ff0000;\" href=\"https:\/\/ibp.crp.ufv.br\/?attachment_id=3506\" rel=\"attachment wp-att-3506\">Edital 04\/2025 &#8211; Monitoria Volunt\u00e1ria para CBI 112 e CBI 212<\/a><\/strong><\/b><\/span><\/h4>\r\n<h4><strong> \u00a0Inscri\u00e7\u00f5es: <span style=\"color: #0000ff;\">03\/09\/2025 at\u00e9 as 23h59min do dia 09\/09\/2025\u00a0<\/span><\/strong><\/h4>\r\n<hr \/>\r\n<h4><span style=\"color: #ff0000;\"><b><a style=\"color: #ff0000;\" href=\"https:\/\/ibp.crp.ufv.br\/?attachment_id=3508\" rel=\"attachment wp-att-3508\">Edital 05\/2025 &#8211; Monitoria Remunerada para CBI 250 e 251<\/a><\/b><\/span><\/h4>\r\n<h4><strong>Inscri\u00e7\u00f5es: <span style=\"color: #0000ff;\">03\/09\/2025 at\u00e9 as 23h59min do dia 07\/09\/2025\u00a0<\/span><\/strong><\/h4>\r\n<hr \/>\r\n<h4><span style=\"color: #ff0000;\"><b>\u00a0 \u00a0 \u00a0<\/b><\/span><\/h4>\r\n<p style=\"text-align: left;\"><strong>Todos os formul\u00e1rios referentes ao processo seletivo est\u00e3o dispon\u00edveis no link: <a href=\"https:\/\/ibp.crp.ufv.br\/?page_id=2787\">ibp.crp.ufv.br\/?page_id=2787<\/a><\/strong><\/p>\r\n<p><strong>Observa\u00e7\u00f5es:<\/strong><\/p>\r\n<ol>\r\n<li style=\"text-align: left;\"><strong><span style=\"color: #ff0000;\"> Todo o processo de inscri\u00e7\u00e3o ser\u00e1 on-line e realizado atrav\u00e9s do preenchimento do requerimento dispon\u00edvel no link acima.<\/span><\/strong><\/li>\r\n<li style=\"text-align: left;\"><strong><span style=\"color: #ff0000;\">No ato de inscri\u00e7\u00e3o, a documenta\u00e7\u00e3o exigida no edital dever\u00e1 ser digitalizada e enviada no e-mail do professor coordenador da disciplina conforme indicado no edital.\u00a0<\/span><\/strong><\/li>\r\n<li style=\"text-align: left;\"><span style=\"color: #ff0000;\"><strong>O estudante pode retirar seu hist\u00f3rico escolar no SAPIENS.<\/strong><\/span><\/li>\r\n<li style=\"text-align: left;\"><span style=\"color: #ff0000;\"><strong>O docente coordenador da disciplina encaminhar\u00e1 aos inscritos a confirma\u00e7\u00e3o da data da provas escrita e oral, a ser realizada de forma presencial ou remota, conforme defini\u00e7\u00e3o da comiss\u00e3o examinadora.<\/strong><\/span><\/li>\r\n<\/ol>\r\n\r\n<p>&nbsp;<\/p>\r\n","protected":false},"excerpt":{"rendered":"<p>\u00a0 Edital 01\/2025 Anexo I &#8211; Quadro de Vagas\u00a0 Anexo II &#8211; Requerimento de inscri\u00e7\u00e3o . Inscri\u00e7\u00f5es: 14\/03\/2025 at\u00e9 as 23h:59min do dia 20\/03\/2025 (inscri\u00e7\u00f5es encerradas) Data prov\u00e1vel de realiza\u00e7\u00e3o dos exames: a partir de 21\/03\/2025. Edital 02\/2025 Anexo I &#8211; Quadro de Vagas Anexo II &#8211; Requerimento de inscri\u00e7\u00e3o . Inscri\u00e7\u00f5es: 24\/03\/2025 at\u00e9 as [&hellip;]<\/p>\n","protected":false},"author":6,"featured_media":0,"parent":2238,"menu_order":0,"comment_status":"closed","ping_status":"closed","template":"","meta":{"footnotes":""},"class_list":["post-2351","page","type-page","status-publish","hentry"],"_links":{"self":[{"href":"https:\/\/ibp.crp.ufv.br\/index.php?rest_route=\/wp\/v2\/pages\/2351","targetHints":{"allow":["GET"]}}],"collection":[{"href":"https:\/\/ibp.crp.ufv.br\/index.php?rest_route=\/wp\/v2\/pages"}],"about":[{"href":"https:\/\/ibp.crp.ufv.br\/index.php?rest_route=\/wp\/v2\/types\/page"}],"author":[{"embeddable":true,"href":"https:\/\/ibp.crp.ufv.br\/index.php?rest_route=\/wp\/v2\/users\/6"}],"replies":[{"embeddable":true,"href":"https:\/\/ibp.crp.ufv.br\/index.php?rest_route=%2Fwp%2Fv2%2Fcomments&post=2351"}],"version-history":[{"count":243,"href":"https:\/\/ibp.crp.ufv.br\/index.php?rest_route=\/wp\/v2\/pages\/2351\/revisions"}],"predecessor-version":[{"id":3510,"href":"https:\/\/ibp.crp.ufv.br\/index.php?rest_route=\/wp\/v2\/pages\/2351\/revisions\/3510"}],"up":[{"embeddable":true,"href":"https:\/\/ibp.crp.ufv.br\/index.php?rest_route=\/wp\/v2\/pages\/2238"}],"wp:attachment":[{"href":"https:\/\/ibp.crp.ufv.br\/index.php?rest_route=%2Fwp%2Fv2%2Fmedia&parent=2351"}],"curies":[{"name":"wp","href":"https:\/\/api.w.org\/{rel}","templated":true}]}}