{"id":2293,"date":"2019-09-18T10:18:48","date_gmt":"2019-09-18T13:18:48","guid":{"rendered":"https:\/\/ibp.crp.ufv.br\/?page_id=2293"},"modified":"2025-05-27T12:53:46","modified_gmt":"2025-05-27T15:53:46","slug":"menu03-2","status":"publish","type":"page","link":"https:\/\/ibp.crp.ufv.br\/?page_id=2293","title":{"rendered":"Certificados"},"content":{"rendered":"<h4><strong><span style=\"color: #ff0000;\">Emiss\u00e3o de Certificados de Monitoria<\/span><\/strong><\/h4>\n<p>Para que seja realizada a emiss\u00e3o de certificados de monitoria, o aluno\u00a0dever\u00e1 entrar em contato com o setor de Monitorias do CRP ( 3855-9308 ou e-mail: <a href=\"mailto:monitoriatutoriacrp@ufv.br\" target=\"_blank\" rel=\"noopener noreferrer\">monitoriatutoriacrp@<wbr \/>ufv.br<\/a>) e solicitar a Declara\u00e7\u00e3o de Atua\u00e7\u00e3o na\u00a0Monitoria\u00a0do per\u00edodo desejado.<\/p>\n<p><span style=\"color: #ffffff;\">.<\/span><\/p>\n<hr \/>\n<p><span style=\"color: #ffffff;\">.<\/span><\/p>\n<h4><strong><span style=\"color: #ff0000;\">Emiss\u00e3o de Certificados de Extens\u00e3o e Cultura<\/span><\/strong><\/h4>\n<p>Para que seja realizada a emiss\u00e3o de certificados pelo sistema\u00a0<a href=\"https:\/\/www.certificados.ufv.br\/\">https:\/\/www.certificados.ufv.br<\/a>\u00a0o <strong>requisitante (coordenador da atividade)<\/strong> dever\u00e1 realizar os seguintes procedimentos:<\/p>\n<p>i) Lan\u00e7ar a atividade no RAEX (<a href=\"https:\/\/www.raex.ufv.br\/\">https:\/\/www.raex.ufv.br<\/a>) e acompanhar sua tramita\u00e7\u00e3o at\u00e9 o registro ser efetivado (autoriza\u00e7\u00e3o em \u00faltima inst\u00e2ncia pela Pr\u00f3-reitoria de Extens\u00e3o e Cultura), visto que, somente ap\u00f3s o registro, os certificados (inclusive dos palestrantes) poder\u00e3o ser emitidos.<\/p>\n<p>ii) Preencher a planilha edit\u00e1vel<span style=\"color: #ff0000;\"><strong> <a style=\"color: #ff0000;\" href=\"https:\/\/ibp.crp.ufv.br\/wp-content\/uploads\/IBP_geracao-certificados-1.xlsx\">NESTE MODELO<\/a><\/strong><\/span>\u00a0(Excel ou Calc) com os dados requisitados. <strong>N\u00e3o ser\u00e1 aceita qualquer planilha que n\u00e3o seja o modelo indicado.<\/strong><\/p>\n<p>iii) Cada mini curso ou palestra do evento dever\u00e1 se enviado em uma planilha separada. O nome do arquivo dever\u00e1 possuir o nome ou sigla do evento e o nome do curso, palestra, etc., por exemplo, &#8220;SIA &#8211; curso de produ\u00e7\u00e3o de texto.xls&#8221;.<\/p>\n<p>iv) Encaminhar\u00e1 a requisi\u00e7\u00e3o para o e-mail do Instituto vinculado \u00e0 atividade, ou seja, para o e-mail do IBP (ibp@ufv.br).<\/p>\n<h4><span style=\"color: #ff0000;\">Orienta\u00e7\u00f5es<\/span><\/h4>\n<p>1) Minicursos, visitas e outras atividades em um mesmo evento, dever\u00e3o ser cadastradas em novas planilhas em arquivos separados. O nome do arquivo dever\u00e1 possuir o nome ou sigla do evento e o nome do curso, palestra, etc., por exemplo, <strong>&#8220;SIA &#8211; curso de produ\u00e7\u00e3o de texto.xls&#8221;.<\/strong><\/p>\n<p>2) Dever\u00e1 ser informado na planilha a carga hor\u00e1ria do evento em horas inteiras, n\u00e3o sendo aceito valores fracionados, devido \u00e0 limita\u00e7\u00e3o do sistema de certificados. Por exmplo: 2 horas (aceito) e 2,5 horas (n\u00e3o \u00e9 aceito).<\/p>\n<p>3) Deve-se evitar atribuir cargas hor\u00e1rias diferentes para cada participante, assim como, horas incompletas (Ex.: 3h20min). \u00c9 recomendado usar a norma de 75% de presen\u00e7a.<\/p>\n<p>4) Caso haja erro no nome, CPF ou e-mail informado, o sistema bloquear\u00e1 a emiss\u00e3o. <strong>Pedimos m\u00e1ximo cuidado com rela\u00e7\u00e3o aos n\u00fameros de CPF informados, estes devem ser estar sem ponto, sem h\u00edfen e com 11 d\u00edgitos. <\/strong><\/p>\n<p>5) Registros antigos n\u00e3o migrar\u00e3o para o novo sistema. Entretanto, eventos antigos<strong> (anteriores a janeiro de 2021)<\/strong> que nunca foram certificados, dever\u00e3o se adequar ao novo procedimento, para isso estes dever\u00e3o ser solicitados na DXC.<\/p>\n<p>6) <strong>O prazo para emiss\u00e3o dos certificados depender\u00e1 da demanda de servi\u00e7os do setor.<\/strong><\/p>\n<p>7) O certificado ser\u00e1 em modelo padr\u00e3o para todos os eventos, portanto, n\u00e3o ser\u00e3o adicionadas outras informa\u00e7\u00f5es, tais como: parceria de empresas juniores e afins, logotipos, dentre outros. Apenas o conte\u00fado program\u00e1tico poder\u00e1 ser adicionado nos certificados, para isso, dever\u00e3o ser encaminhados com o pedido.<\/p>\n<p>8) Situa\u00e7\u00f5es especiais dever\u00e3o ser previamente acordados.<\/p>\n<p>9)\u00a0<strong>Somente o coordenador da atividade (servidor) poder\u00e1 requisitar a emiss\u00e3o de documentos<\/strong>. <strong><span style=\"color: #ff0000;\">N\u00e3o ser\u00e3o aceitas as requisi\u00e7\u00f5es realizadas por alunos<\/span><\/strong>.<\/p>\n<p>10) Certificados das comiss\u00f5es organizadoras, palestrantes, ministrantes e colaboradores s\u00e3o emitidos automaticamente pelo\u00a0<a href=\"https:\/\/www.raex.ufv.br\/raex\/scripts\/certificado.php\">RAEX<\/a>.<\/p>\n<h4><span style=\"color: #ff0000;\">Emiss\u00e3o de Certificados<\/span><\/h4>\n<p>Os\/as participantes\/as das atividades de extens\u00e3o podem baixar seus certificados acessando os sistemas:<br \/>\n<strong><a href=\"https:\/\/www.raex.ufv.br\/\">https:\/\/www.raex.ufv.br<\/a>\u00a0<\/strong>&gt; Certificados<br \/>\n<strong><a href=\"https:\/\/www.certificados.ufv.br\/\">https:\/\/www.certificados.ufv.br<\/a><\/strong>\u00a0&gt; Meus Certificados<br \/>\n<a href=\"https:\/\/www.sia.ufv.br\/\"><strong>https:\/\/www.sia.ufv.br<\/strong><\/a>\u00a0&gt; Outras Edi\u00e7\u00f5es &gt; Certificados<\/p>\n","protected":false},"excerpt":{"rendered":"<p>Emiss\u00e3o de Certificados de Monitoria Para que seja realizada a emiss\u00e3o de certificados de monitoria, o aluno\u00a0dever\u00e1 entrar em contato com o setor de Monitorias do CRP ( 3855-9308 ou e-mail: monitoriatutoriacrp@ufv.br) e solicitar a Declara\u00e7\u00e3o de Atua\u00e7\u00e3o na\u00a0Monitoria\u00a0do per\u00edodo desejado. . . Emiss\u00e3o de Certificados de Extens\u00e3o e Cultura Para que seja realizada a [&hellip;]<\/p>\n","protected":false},"author":1,"featured_media":0,"parent":0,"menu_order":0,"comment_status":"closed","ping_status":"closed","template":"","meta":{"footnotes":""},"class_list":["post-2293","page","type-page","status-publish","hentry"],"_links":{"self":[{"href":"https:\/\/ibp.crp.ufv.br\/index.php?rest_route=\/wp\/v2\/pages\/2293","targetHints":{"allow":["GET"]}}],"collection":[{"href":"https:\/\/ibp.crp.ufv.br\/index.php?rest_route=\/wp\/v2\/pages"}],"about":[{"href":"https:\/\/ibp.crp.ufv.br\/index.php?rest_route=\/wp\/v2\/types\/page"}],"author":[{"embeddable":true,"href":"https:\/\/ibp.crp.ufv.br\/index.php?rest_route=\/wp\/v2\/users\/1"}],"replies":[{"embeddable":true,"href":"https:\/\/ibp.crp.ufv.br\/index.php?rest_route=%2Fwp%2Fv2%2Fcomments&post=2293"}],"version-history":[{"count":31,"href":"https:\/\/ibp.crp.ufv.br\/index.php?rest_route=\/wp\/v2\/pages\/2293\/revisions"}],"predecessor-version":[{"id":3476,"href":"https:\/\/ibp.crp.ufv.br\/index.php?rest_route=\/wp\/v2\/pages\/2293\/revisions\/3476"}],"wp:attachment":[{"href":"https:\/\/ibp.crp.ufv.br\/index.php?rest_route=%2Fwp%2Fv2%2Fmedia&parent=2293"}],"curies":[{"name":"wp","href":"https:\/\/api.w.org\/{rel}","templated":true}]}}